{"id":3333,"date":"2021-09-06T19:51:45","date_gmt":"2021-09-06T22:51:45","guid":{"rendered":"https:\/\/www.iesmb.edu.ar\/bel\/?page_id=3333"},"modified":"2026-08-25T11:05:18","modified_gmt":"2026-08-25T14:05:18","slug":"condiciones-ingreso-25-anios","status":"publish","type":"page","link":"https:\/\/www.iesmb.edu.ar\/bel\/condiciones-ingreso-25-anios\/","title":{"rendered":"Condiciones ingreso mayores 25 a\u00f1os"},"content":{"rendered":"\n<h3  data-animation-delay=\"0.3\" data-animation-duration=\"1\">\n\t\t\tCONDICIONES DE INGRESO 2027\t<\/h3>\n<h2  data-animation-delay=\"0.6\" data-animation-duration=\"1\">\n\t\t\tMAYORES 25 A\u00d1OS\t<\/h2>\n<h3  data-animation-delay=\"0.3\" data-animation-duration=\"1\">\n\t\t\tcon secundario incompleto (seg\u00fan Ley 24.521-Art. 7\u00ba de Educaci\u00f3n Superior))\t<\/h3>\n<figure itemscope itemtype=\"https:\/\/schema.org\/ImageObject\">\n\t\t\t\t<img decoding=\"async\" src=\"https:\/\/www.iesmb.edu.ar\/bel\/wp-content\/uploads\/2025\/09\/nmcr_downloaded_image-1-e1758227532102.jpg\" alt=\"nmcr_downloaded_image (1)\" height=\"750\" width=\"750\" title=\"nmcr_downloaded_image (1)\" onerror=\"this.style.display='none'\" loading=\"lazy\" \/>\n\t<\/figure>\n<h3>\n\t\t\tCondiciones para aspirantes mayores de 25 a\u00f1os con secundario incompleto  (seg\u00fan Ley 24.521-Art. 7\u00ba de Educaci\u00f3n Superior)\t<\/h3>\n<h2>\n\t\t\tPREINSCRIPCI\u00d3N ABIERTA CICLO LECTIVO 2027\t<\/h2>\n\t<strong>Aspirante mayor de 25 a\u00f1os<\/strong> que no haya finalizado el Nivel Medio, podr\u00e1 rendir un<br \/>\nexamen jurisdiccional para la validaci\u00f3n de saberes, como requisito para proceder a<br \/>\ninscribirse a la carrera seleccionada, cuya validez es por un a\u00f1o.\n<p><strong>Primero:<\/strong> Fecha de preinscripci\u00f3n desde el<strong> 19-10-26 al 12-02-27<\/strong><\/p>\n<p><strong>Segundo:<\/strong> preparar la siguiente documentaci\u00f3n:<\/p>\n<ul>\n<li>1 foto carnet<\/li>\n<li>Fotocopia D.N.I<\/li>\n<li>Fotocopia CUIL<\/li>\n<li>Fotocopia Partida Nacimiento<\/li>\n<li>Certificado Aptitud Psicof\u00edsica original<\/li>\n<li>Fotocopia autenticada Certificado 7\u00b0<br \/>\na\u00f1o finalizado<\/li>\n<li>Carta de intenci\u00f3n dirigida al rector de la instituci\u00f3n<\/li>\n<li>Certificado Anal\u00edtico de materias adeudadas de Escuela Secundaria<\/li>\n<li>Certificado Vacunas Antitet\u00e1nica y Hepatitis B (Ley N\u00ba 8972)<\/li>\n<li>Descargar el modelo de Curr\u00edculum Vitae y completar<\/li>\n<li>Descargar la Ficha de preinscripci\u00f3n para mayores de 25 de a\u00f1os y completar<\/li>\n<li>Solicitar la(s) certificaci\u00f3n(es) (que acrediten puesto y lugar de trabajo o<br \/>\nCertificado de trabajo af\u00edn a la carrera que desea estudiar) y anexar al<br \/>\nCurr\u00edculum vitae (seg\u00fan modelo)<\/li>\n<\/ul>\n<strong>Tercero:<\/strong> Para completar el proceso de preinscripci\u00f3n, debes presentar toda la<br \/>\ndocumentaci\u00f3n detallada en el punto anterior, de forma PRESENCIAL, en Sede Godoy Cruz (Roque Saenz Pe\u00f1a 1271-Godoy Cruz), en los siguientes d\u00edas y horarios: Lunes a Jueves de 9 a 12 y de 18:30 a 21:30 hs.\n<p><strong>La documentaci\u00f3n (Curr\u00edculum Vitae con sus anexos) se recibe durante el per\u00edodo de preinscripci\u00f3n (19-10-26 al 12-02-27), SIN EXCEPCI\u00d3N. <\/strong><\/p>\n<strong>Cuarto:<\/strong> Realizar el taller de acompa\u00f1amiento a partir del 01 de diciembre de 2026 en el<br \/>\nIES N\u00ba 9-008 Manuel Belgrano para el examen jurisdiccional de validaci\u00f3n de saberes. En los espacios de:<br \/>\n1) Lengua,<br \/>\n2) Matem\u00e1tica y<br \/>\n3) Ciencias Sociales (Formaci\u00f3n \u00c9tica y Ciudadana e Historia).\n<strong>Quinto:<\/strong> Presentarse a instancia evaluativa del examen jurisdiccional de validaci\u00f3n de saberes. (Lugar y horario se confirmar\u00e1 oportunamente)<br \/>\n<strong>Primera instancia<\/strong>: 04-03-27<br \/>\n<strong>Segunda Instancia (recuperatorio):<\/strong> 11-03-27\n<em><strong>Observaciones:<\/strong> La validez de la evaluaci\u00f3n rige para el ciclo lectivo en el que pretende<br \/>\ninscribirse, con alcance en todo el territorio provincial y s\u00f3lo para la carrera elegida, ya quelos antecedentes del aspirante son determinantes de la misma. (Circular N\u00ba 20-DESUP-24)<\/em>\n<p><strong>Sexto:<\/strong> Asistir al Ingreso institucional de la carrera seleccionada.<\/p>\n<p>&nbsp;<\/p>\n<strong>Secci\u00f3n Estudiantes<\/strong><br \/>\nEquipo de Gesti\u00f3n<br \/>\nIES 9-008 MANUEL BELGRANO\n\t\t\t<a href=\"https:\/\/www.iesmb.edu.ar\/bel\/wp-content\/uploads\/2026\/08\/modelo-curriculum-25.doc\"  target=\"_blank\" rel=\"noopener\"    rel=\"noopener\">\n\t\t\t\t\t\tMODELO CURR\u00cdCULUM VITAE\n\t\t\t\t\t<\/a>\n\t\t\t<a href=\"https:\/\/www.iesmb.edu.ar\/bel\/wp-content\/uploads\/2026\/08\/SOLICITUD-MAYORES-DE-25-SECUNDARIO-INCOMPLETO-2027.pdf\"  target=\"_blank\" rel=\"noopener\"    rel=\"noopener\">\n\t\t\t\t\t\tSOLICITUD MAYORES DE 25 A\u00d1OS\n\t\t\t\t\t<\/a>\n\n","protected":false},"excerpt":{"rendered":"<p>CONDICIONES DE INGRESO 2027 MAYORES 25 A\u00d1OS con secundario incompleto (seg\u00fan Ley 24.521-Art. 7\u00ba de Educaci\u00f3n Superior)) Condiciones para aspirantes mayores de 25 a\u00f1os con secundario incompleto (seg\u00fan Ley 24.521-Art. 7\u00ba de Educaci\u00f3n Superior) PREINSCRIPCI\u00d3N ABIERTA CICLO LECTIVO 2027 Aspirante mayor de 25 a\u00f1os que no haya finalizado el Nivel Medio, podr\u00e1 rendir un examen &hellip;<\/p>\n<p class=\"read-more\"> <a class=\"\" href=\"https:\/\/www.iesmb.edu.ar\/bel\/condiciones-ingreso-25-anios\/\"> <span class=\"screen-reader-text\">Condiciones ingreso mayores 25 a\u00f1os<\/span> Leer m\u00e1s &raquo;<\/a><\/p>\n","protected":false},"author":1,"featured_media":0,"parent":0,"menu_order":0,"comment_status":"closed","ping_status":"closed","template":"","meta":{"footnotes":""},"class_list":["post-3333","page","type-page","status-publish","hentry"],"_links":{"self":[{"href":"https:\/\/www.iesmb.edu.ar\/bel\/wp-json\/wp\/v2\/pages\/3333","targetHints":{"allow":["GET"]}}],"collection":[{"href":"https:\/\/www.iesmb.edu.ar\/bel\/wp-json\/wp\/v2\/pages"}],"about":[{"href":"https:\/\/www.iesmb.edu.ar\/bel\/wp-json\/wp\/v2\/types\/page"}],"author":[{"embeddable":true,"href":"https:\/\/www.iesmb.edu.ar\/bel\/wp-json\/wp\/v2\/users\/1"}],"replies":[{"embeddable":true,"href":"https:\/\/www.iesmb.edu.ar\/bel\/wp-json\/wp\/v2\/comments?post=3333"}],"version-history":[{"count":16,"href":"https:\/\/www.iesmb.edu.ar\/bel\/wp-json\/wp\/v2\/pages\/3333\/revisions"}],"predecessor-version":[{"id":6802,"href":"https:\/\/www.iesmb.edu.ar\/bel\/wp-json\/wp\/v2\/pages\/3333\/revisions\/6802"}],"wp:attachment":[{"href":"https:\/\/www.iesmb.edu.ar\/bel\/wp-json\/wp\/v2\/media?parent=3333"}],"curies":[{"name":"wp","href":"https:\/\/api.w.org\/{rel}","templated":true}]}}